{"id":994,"date":"2023-07-19T14:08:41","date_gmt":"2023-07-19T12:08:41","guid":{"rendered":"http:\/\/jeanclaudefaujour.com\/?page_id=994"},"modified":"2024-08-27T11:01:28","modified_gmt":"2024-08-27T09:01:28","slug":"video","status":"publish","type":"page","link":"https:\/\/jeanclaudefaujour.com\/index.php\/video\/","title":{"rendered":"Vid\u00e9o"},"content":{"rendered":"\n<p class=\"wp-block-paragraph\">En 2024 Vernissage de l&rsquo;exposition de Jean-Claude Faujour \u00ab\u00a0<em>Monts d\u2019Arr\u00e9e : arch\u00e9ologie d\u2019un lieu,<\/em> au ch\u00e2teau d&rsquo; Excideuil (Dordogne)<\/p>\n\n\n<p><a href=\"https:\/\/jeanclaudefaujour.com\/wp-content\/uploads\/2024\/08\/2024-07-06-Excideuil-rotated.jpg\" target=\"_blank\" rel=\"noopener\"><img loading=\"lazy\" decoding=\"async\" class=\"alignleft wp-image-1993 \" src=\"https:\/\/jeanclaudefaujour.com\/wp-content\/uploads\/2024\/08\/2024-07-06-Excideuil-225x300.jpg\" alt=\"\" width=\"252\" height=\"336\" srcset=\"https:\/\/jeanclaudefaujour.com\/wp-content\/uploads\/2024\/08\/2024-07-06-Excideuil-225x300.jpg 225w, https:\/\/jeanclaudefaujour.com\/wp-content\/uploads\/2024\/08\/2024-07-06-Excideuil-rotated.jpg 750w\" sizes=\"auto, (max-width: 252px) 100vw, 252px\" \/><\/a><\/p>\n<p>\u00a0<\/p>\n<p>\u00a0<\/p>\n<p>\u00a0<\/p>\n<p>\u00a0<\/p>\n<p>\u00a0<\/p>\n<p>\u00a0<\/p>\n<p>\u00a0<\/p>\n<p><a href=\"https:\/\/youtu.be\/fKxx7yUwoMc?feature=shared\" target=\"_blank\" rel=\"noopener\">Vernissage au ch\u00e2teau d&rsquo;Excideuil en juillet 2024<\/a><\/p>\n\n\n<p class=\"wp-block-paragraph\"><\/p>\n\n\n\n<p class=\"wp-block-paragraph\"><\/p>\n\n\n\n<p class=\"wp-block-paragraph\"><\/p>\n\n\n\n<p class=\"wp-block-paragraph\"><\/p>\n\n\n\n<p class=\"wp-block-paragraph\"><\/p>\n\n\n\n<p class=\"wp-block-paragraph\"><\/p>\n\n\n\n<p class=\"wp-block-paragraph\">Vernissage de l&rsquo;exposition de Jean-Claude Faujour \u00ab\u00a0Ange &amp; Luce in Situ\u00a0\u00bb \u00e0 Ploun\u00e9our M\u00e9nez<\/p>\n\n\n\n<figure class=\"wp-block-embed is-type-video is-provider-youtube wp-block-embed-youtube wp-embed-aspect-16-9 wp-has-aspect-ratio\"><div class=\"wp-block-embed__wrapper\">\n<iframe loading=\"lazy\" title=\"Ange et Luce in Situ - Vernissage Exposition JC Faujour\" width=\"525\" height=\"295\" src=\"https:\/\/www.youtube.com\/embed\/eSB-s49UYOg?feature=oembed\" frameborder=\"0\" allow=\"accelerometer; autoplay; clipboard-write; encrypted-media; gyroscope; picture-in-picture; web-share\" referrerpolicy=\"strict-origin-when-cross-origin\" allowfullscreen><\/iframe>\n<\/div><\/figure>\n\n\n<\/p>\n<p>\u00ab\u00a0Jean-Claude Faujour d\u00e9ambule dans la peinture comme on fait le tour de son champ, en guettant la petite ligne verte qui marque la naissance du bl\u00e9.\u00a0\u00bb Jean-Paul Deremble<\/p>\n<figure class=\"wp-caption alignnone\" style=\"width: 235px;\"><a href=\"http:\/\/chemindesarts.org\/wp-content\/uploads\/2020\/07\/A-L-RECTANGLE-30-1024x768.jpg\" target=\"_blank\" rel=\"noopener noreferrer\"><img loading=\"lazy\" decoding=\"async\" class=\"\" src=\"http:\/\/chemindesarts.org\/wp-content\/uploads\/2020\/07\/A-L-RECTANGLE-30-1024x768.jpg\" alt=\"L\u2019attribut alt de cette image est vide, son nom de fichier est A-L-RECTANGLE-30-1024x768.jpg.\" width=\"235\" height=\"176\" \/><\/a><figcaption class=\"wp-caption-text\">Ange et Luce dans l\u2019atelier de Jean-Claude Faujour<\/figcaption><\/figure>\n<p>Conf\u00e9rence de Jean-Paul Deremble, historien de l&rsquo;art, autour de l\u2019\u0153uvre de Jean-Claude Faujour : <br \/>\u00ab Ange &amp; Luce in situ \u00bb<\/p>\n<p><a href=\"https:\/\/youtu.be\/bJXjksXzjPI\" target=\"_blank\" rel=\"noopener\">Conf\u00e9rence de Jean-Paul Deremble<\/a><\/p>\n<p>France 3 Iroise interviewe Jean-Claude Faujour \u00e0 son atelier<\/p>\n<p><iframe loading=\"lazy\" title=\"Jean-Claude Faujour expose \u00e0 la Maison Penanault de Morlaix\" width=\"525\" height=\"295\" src=\"https:\/\/www.youtube.com\/embed\/lTAlQXghj5A?feature=oembed\" frameborder=\"0\" allow=\"accelerometer; autoplay; clipboard-write; encrypted-media; gyroscope; picture-in-picture; web-share\" referrerpolicy=\"strict-origin-when-cross-origin\" allowfullscreen><\/iframe><\/p>","protected":false},"excerpt":{"rendered":"<p>En 2024 Vernissage de l&rsquo;exposition de Jean-Claude Faujour \u00ab\u00a0Monts d\u2019Arr\u00e9e : arch\u00e9ologie d\u2019un lieu, au ch\u00e2teau d&rsquo; Excideuil (Dordogne) \u00a0 \u00a0 \u00a0 \u00a0 \u00a0 \u00a0 \u00a0 Vernissage au ch\u00e2teau d&rsquo;Excideuil en juillet 2024 Vernissage de l&rsquo;exposition de Jean-Claude Faujour \u00ab\u00a0Ange &amp; Luce in Situ\u00a0\u00bb \u00e0 Ploun\u00e9our M\u00e9nez \u00ab\u00a0Jean-Claude Faujour d\u00e9ambule dans la peinture comme on &hellip; <\/p>\n<p class=\"link-more\"><a href=\"https:\/\/jeanclaudefaujour.com\/index.php\/video\/\" class=\"more-link\">Continuer la lecture<span class=\"screen-reader-text\"> de &laquo;&nbsp;Vid\u00e9o&nbsp;&raquo;<\/span><\/a><\/p>\n","protected":false},"author":1,"featured_media":0,"parent":0,"menu_order":0,"comment_status":"closed","ping_status":"closed","template":"","meta":{"footnotes":""},"class_list":["post-994","page","type-page","status-publish","hentry"],"yoast_head":"<!-- This site is optimized with the Yoast SEO plugin v28.3 - https:\/\/yoast.com\/product\/yoast-seo-wordpress\/ -->\n<title>Vid\u00e9o - Jean-Claude Faujour<\/title>\n<meta name=\"robots\" content=\"noindex, follow, max-snippet:-1, max-image-preview:large, max-video-preview:-1\" \/>\n<meta property=\"og:locale\" content=\"fr_FR\" \/>\n<meta property=\"og:type\" content=\"article\" \/>\n<meta property=\"og:title\" content=\"Vid\u00e9o - Jean-Claude Faujour\" \/>\n<meta property=\"og:description\" content=\"En 2024 Vernissage de l&rsquo;exposition de Jean-Claude Faujour \u00ab\u00a0Monts d\u2019Arr\u00e9e : arch\u00e9ologie d\u2019un lieu, au ch\u00e2teau d&rsquo; Excideuil (Dordogne) \u00a0 \u00a0 \u00a0 \u00a0 \u00a0 \u00a0 \u00a0 Vernissage au ch\u00e2teau d&rsquo;Excideuil en juillet 2024 Vernissage de l&rsquo;exposition de Jean-Claude Faujour \u00ab\u00a0Ange &amp; Luce in Situ\u00a0\u00bb \u00e0 Ploun\u00e9our M\u00e9nez \u00ab\u00a0Jean-Claude Faujour d\u00e9ambule dans la peinture comme on &hellip; Continuer la lecture de &laquo;&nbsp;Vid\u00e9o&nbsp;&raquo;\" \/>\n<meta property=\"og:url\" content=\"https:\/\/jeanclaudefaujour.com\/index.php\/video\/\" \/>\n<meta property=\"og:site_name\" content=\"Jean-Claude Faujour\" \/>\n<meta property=\"article:modified_time\" content=\"2024-08-27T09:01:28+00:00\" \/>\n<meta property=\"og:image\" content=\"http:\/\/jeanclaudefaujour.com\/wp-content\/uploads\/2024\/08\/2024-07-06-Excideuil-225x300.jpg\" \/>\n<meta name=\"twitter:card\" content=\"summary_large_image\" \/>\n<meta name=\"twitter:label1\" content=\"Dur\u00e9e de lecture estim\u00e9e\" \/>\n\t<meta name=\"twitter:data1\" content=\"1 minute\" \/>\n<script type=\"application\/ld+json\" class=\"yoast-schema-graph\">{\"@context\":\"https:\\\/\\\/schema.org\",\"@graph\":[{\"@type\":\"WebPage\",\"@id\":\"https:\\\/\\\/jeanclaudefaujour.com\\\/index.php\\\/video\\\/\",\"url\":\"https:\\\/\\\/jeanclaudefaujour.com\\\/index.php\\\/video\\\/\",\"name\":\"Vid\u00e9o - Jean-Claude Faujour\",\"isPartOf\":{\"@id\":\"https:\\\/\\\/jeanclaudefaujour.com\\\/#website\"},\"primaryImageOfPage\":{\"@id\":\"https:\\\/\\\/jeanclaudefaujour.com\\\/index.php\\\/video\\\/#primaryimage\"},\"image\":{\"@id\":\"https:\\\/\\\/jeanclaudefaujour.com\\\/index.php\\\/video\\\/#primaryimage\"},\"thumbnailUrl\":\"http:\\\/\\\/jeanclaudefaujour.com\\\/wp-content\\\/uploads\\\/2024\\\/08\\\/2024-07-06-Excideuil-225x300.jpg\",\"datePublished\":\"2023-07-19T12:08:41+00:00\",\"dateModified\":\"2024-08-27T09:01:28+00:00\",\"breadcrumb\":{\"@id\":\"https:\\\/\\\/jeanclaudefaujour.com\\\/index.php\\\/video\\\/#breadcrumb\"},\"inLanguage\":\"fr-FR\",\"potentialAction\":[{\"@type\":\"ReadAction\",\"target\":[\"https:\\\/\\\/jeanclaudefaujour.com\\\/index.php\\\/video\\\/\"]}]},{\"@type\":\"ImageObject\",\"inLanguage\":\"fr-FR\",\"@id\":\"https:\\\/\\\/jeanclaudefaujour.com\\\/index.php\\\/video\\\/#primaryimage\",\"url\":\"http:\\\/\\\/jeanclaudefaujour.com\\\/wp-content\\\/uploads\\\/2024\\\/08\\\/2024-07-06-Excideuil-225x300.jpg\",\"contentUrl\":\"http:\\\/\\\/jeanclaudefaujour.com\\\/wp-content\\\/uploads\\\/2024\\\/08\\\/2024-07-06-Excideuil-225x300.jpg\"},{\"@type\":\"BreadcrumbList\",\"@id\":\"https:\\\/\\\/jeanclaudefaujour.com\\\/index.php\\\/video\\\/#breadcrumb\",\"itemListElement\":[{\"@type\":\"ListItem\",\"position\":1,\"name\":\"Accueil\",\"item\":\"https:\\\/\\\/jeanclaudefaujour.com\\\/\"},{\"@type\":\"ListItem\",\"position\":2,\"name\":\"Vid\u00e9o\"}]},{\"@type\":\"WebSite\",\"@id\":\"https:\\\/\\\/jeanclaudefaujour.com\\\/#website\",\"url\":\"https:\\\/\\\/jeanclaudefaujour.com\\\/\",\"name\":\"Jean-Claude Faujour\",\"description\":\"tous droits r\u00e9serv\u00e9s\",\"potentialAction\":[{\"@type\":\"SearchAction\",\"target\":{\"@type\":\"EntryPoint\",\"urlTemplate\":\"https:\\\/\\\/jeanclaudefaujour.com\\\/?s={search_term_string}\"},\"query-input\":{\"@type\":\"PropertyValueSpecification\",\"valueRequired\":true,\"valueName\":\"search_term_string\"}}],\"inLanguage\":\"fr-FR\"}]}<\/script>\n<!-- \/ Yoast SEO plugin. -->","yoast_head_json":{"title":"Vid\u00e9o - Jean-Claude Faujour","robots":{"index":"noindex","follow":"follow","max-snippet":"max-snippet:-1","max-image-preview":"max-image-preview:large","max-video-preview":"max-video-preview:-1"},"og_locale":"fr_FR","og_type":"article","og_title":"Vid\u00e9o - Jean-Claude Faujour","og_description":"En 2024 Vernissage de l&rsquo;exposition de Jean-Claude Faujour \u00ab\u00a0Monts d\u2019Arr\u00e9e : arch\u00e9ologie d\u2019un lieu, au ch\u00e2teau d&rsquo; Excideuil (Dordogne) \u00a0 \u00a0 \u00a0 \u00a0 \u00a0 \u00a0 \u00a0 Vernissage au ch\u00e2teau d&rsquo;Excideuil en juillet 2024 Vernissage de l&rsquo;exposition de Jean-Claude Faujour \u00ab\u00a0Ange &amp; Luce in Situ\u00a0\u00bb \u00e0 Ploun\u00e9our M\u00e9nez \u00ab\u00a0Jean-Claude Faujour d\u00e9ambule dans la peinture comme on &hellip; Continuer la lecture de &laquo;&nbsp;Vid\u00e9o&nbsp;&raquo;","og_url":"https:\/\/jeanclaudefaujour.com\/index.php\/video\/","og_site_name":"Jean-Claude Faujour","article_modified_time":"2024-08-27T09:01:28+00:00","og_image":[{"url":"http:\/\/jeanclaudefaujour.com\/wp-content\/uploads\/2024\/08\/2024-07-06-Excideuil-225x300.jpg","type":"","width":"","height":""}],"twitter_card":"summary_large_image","twitter_misc":{"Dur\u00e9e de lecture estim\u00e9e":"1 minute"},"schema":{"@context":"https:\/\/schema.org","@graph":[{"@type":"WebPage","@id":"https:\/\/jeanclaudefaujour.com\/index.php\/video\/","url":"https:\/\/jeanclaudefaujour.com\/index.php\/video\/","name":"Vid\u00e9o - Jean-Claude Faujour","isPartOf":{"@id":"https:\/\/jeanclaudefaujour.com\/#website"},"primaryImageOfPage":{"@id":"https:\/\/jeanclaudefaujour.com\/index.php\/video\/#primaryimage"},"image":{"@id":"https:\/\/jeanclaudefaujour.com\/index.php\/video\/#primaryimage"},"thumbnailUrl":"http:\/\/jeanclaudefaujour.com\/wp-content\/uploads\/2024\/08\/2024-07-06-Excideuil-225x300.jpg","datePublished":"2023-07-19T12:08:41+00:00","dateModified":"2024-08-27T09:01:28+00:00","breadcrumb":{"@id":"https:\/\/jeanclaudefaujour.com\/index.php\/video\/#breadcrumb"},"inLanguage":"fr-FR","potentialAction":[{"@type":"ReadAction","target":["https:\/\/jeanclaudefaujour.com\/index.php\/video\/"]}]},{"@type":"ImageObject","inLanguage":"fr-FR","@id":"https:\/\/jeanclaudefaujour.com\/index.php\/video\/#primaryimage","url":"http:\/\/jeanclaudefaujour.com\/wp-content\/uploads\/2024\/08\/2024-07-06-Excideuil-225x300.jpg","contentUrl":"http:\/\/jeanclaudefaujour.com\/wp-content\/uploads\/2024\/08\/2024-07-06-Excideuil-225x300.jpg"},{"@type":"BreadcrumbList","@id":"https:\/\/jeanclaudefaujour.com\/index.php\/video\/#breadcrumb","itemListElement":[{"@type":"ListItem","position":1,"name":"Accueil","item":"https:\/\/jeanclaudefaujour.com\/"},{"@type":"ListItem","position":2,"name":"Vid\u00e9o"}]},{"@type":"WebSite","@id":"https:\/\/jeanclaudefaujour.com\/#website","url":"https:\/\/jeanclaudefaujour.com\/","name":"Jean-Claude Faujour","description":"tous droits r\u00e9serv\u00e9s","potentialAction":[{"@type":"SearchAction","target":{"@type":"EntryPoint","urlTemplate":"https:\/\/jeanclaudefaujour.com\/?s={search_term_string}"},"query-input":{"@type":"PropertyValueSpecification","valueRequired":true,"valueName":"search_term_string"}}],"inLanguage":"fr-FR"}]}},"_links":{"self":[{"href":"https:\/\/jeanclaudefaujour.com\/index.php\/wp-json\/wp\/v2\/pages\/994","targetHints":{"allow":["GET"]}}],"collection":[{"href":"https:\/\/jeanclaudefaujour.com\/index.php\/wp-json\/wp\/v2\/pages"}],"about":[{"href":"https:\/\/jeanclaudefaujour.com\/index.php\/wp-json\/wp\/v2\/types\/page"}],"author":[{"embeddable":true,"href":"https:\/\/jeanclaudefaujour.com\/index.php\/wp-json\/wp\/v2\/users\/1"}],"replies":[{"embeddable":true,"href":"https:\/\/jeanclaudefaujour.com\/index.php\/wp-json\/wp\/v2\/comments?post=994"}],"version-history":[{"count":23,"href":"https:\/\/jeanclaudefaujour.com\/index.php\/wp-json\/wp\/v2\/pages\/994\/revisions"}],"predecessor-version":[{"id":1999,"href":"https:\/\/jeanclaudefaujour.com\/index.php\/wp-json\/wp\/v2\/pages\/994\/revisions\/1999"}],"wp:attachment":[{"href":"https:\/\/jeanclaudefaujour.com\/index.php\/wp-json\/wp\/v2\/media?parent=994"}],"curies":[{"name":"wp","href":"https:\/\/api.w.org\/{rel}","templated":true}]}}