{"id":203,"date":"2023-03-11T15:41:41","date_gmt":"2023-03-11T14:41:41","guid":{"rendered":"http:\/\/jacquesfaujour.com\/?page_id=65"},"modified":"2024-01-13T11:07:13","modified_gmt":"2024-01-13T10:07:13","slug":"biographie-2","status":"publish","type":"page","link":"https:\/\/jeanclaudefaujour.com\/index.php\/biographie-2\/","title":{"rendered":"Biographie"},"content":{"rendered":"<div class=\"wp-block-image\">\n<figure class=\"alignleft\"><a href=\"https:\/\/jeanclaudefaujour.com\/wp-content\/uploads\/2023\/07\/\u00a9-J.Faujour-ADAGP-NA-2007-04-26-134-A.jpg\" target=\"_blank\" rel=\"noreferrer noopener\"><img loading=\"lazy\" decoding=\"async\" width=\"208\" height=\"300\" src=\"https:\/\/jeanclaudefaujour.com\/wp-content\/uploads\/2023\/07\/\u00a9-J.Faujour-ADAGP-NA-2007-04-26-134-A-208x300.jpg\" alt=\"\" class=\"wp-image-1604\" srcset=\"https:\/\/jeanclaudefaujour.com\/wp-content\/uploads\/2023\/07\/\u00a9-J.Faujour-ADAGP-NA-2007-04-26-134-A-208x300.jpg 208w, https:\/\/jeanclaudefaujour.com\/wp-content\/uploads\/2023\/07\/\u00a9-J.Faujour-ADAGP-NA-2007-04-26-134-A.jpg 416w\" sizes=\"auto, (max-width: 208px) 100vw, 208px\" \/><\/a><\/figure>\n<\/div>\n\n\n<div class=\"wp-block-group\"><div class=\"wp-block-group__inner-container is-layout-constrained wp-block-group-is-layout-constrained\">\n<p class=\"wp-block-paragraph\"><\/p>\n\n\n\n<p class=\"wp-block-paragraph\">N\u00e9 \u00e0 Morlaix en 1946 Jean-Claude Faujour a suivi les cours des Beaux-arts \u00e0 Brest avant de devenir professeur d\u2019arts plastiques, jusqu\u2019en 2007, au coll\u00e8ge du Kreisker \u00e0 Saint-Pol-de-L\u00e9on (Finist\u00e8re).<\/p>\n\n\n\n<p class=\"wp-block-paragraph\">D\u00e8s l&rsquo;enfance, son grand-p\u00e8re, lui-m\u00eame peintre, lui donne le go\u00fbt des couleurs. Une passion qu&rsquo;il transmettra, plus tard, \u00e0 ses \u00e9l\u00e8ves.<\/p>\n<\/div><\/div>\n\n\n\n<p class=\"wp-block-paragraph\"><\/p>\n\n\n\n<p class=\"wp-block-paragraph\"><\/p>\n","protected":false},"excerpt":{"rendered":"<p>N\u00e9 \u00e0 Morlaix en 1946 Jean-Claude Faujour a suivi les cours des Beaux-arts \u00e0 Brest avant de devenir professeur d\u2019arts plastiques, jusqu\u2019en 2007, au coll\u00e8ge du Kreisker \u00e0 Saint-Pol-de-L\u00e9on (Finist\u00e8re). D\u00e8s l&rsquo;enfance, son grand-p\u00e8re, lui-m\u00eame peintre, lui donne le go\u00fbt des couleurs. Une passion qu&rsquo;il transmettra, plus tard, \u00e0 ses \u00e9l\u00e8ves.<\/p>\n","protected":false},"author":1,"featured_media":0,"parent":0,"menu_order":0,"comment_status":"closed","ping_status":"closed","template":"","meta":{"footnotes":""},"class_list":["post-203","page","type-page","status-publish","hentry"],"yoast_head":"<!-- This site is optimized with the Yoast SEO plugin v28.3 - https:\/\/yoast.com\/product\/yoast-seo-wordpress\/ -->\n<title>Biographie - Jean-Claude Faujour<\/title>\n<meta name=\"robots\" content=\"noindex, follow, max-snippet:-1, max-image-preview:large, max-video-preview:-1\" \/>\n<meta property=\"og:locale\" content=\"fr_FR\" \/>\n<meta property=\"og:type\" content=\"article\" \/>\n<meta property=\"og:title\" content=\"Biographie - Jean-Claude Faujour\" \/>\n<meta property=\"og:description\" content=\"N\u00e9 \u00e0 Morlaix en 1946 Jean-Claude Faujour a suivi les cours des Beaux-arts \u00e0 Brest avant de devenir professeur d\u2019arts plastiques, jusqu\u2019en 2007, au coll\u00e8ge du Kreisker \u00e0 Saint-Pol-de-L\u00e9on (Finist\u00e8re). D\u00e8s l&rsquo;enfance, son grand-p\u00e8re, lui-m\u00eame peintre, lui donne le go\u00fbt des couleurs. Une passion qu&rsquo;il transmettra, plus tard, \u00e0 ses \u00e9l\u00e8ves.\" \/>\n<meta property=\"og:url\" content=\"https:\/\/jeanclaudefaujour.com\/index.php\/biographie-2\/\" \/>\n<meta property=\"og:site_name\" content=\"Jean-Claude Faujour\" \/>\n<meta property=\"article:modified_time\" content=\"2024-01-13T10:07:13+00:00\" \/>\n<meta name=\"twitter:card\" content=\"summary_large_image\" \/>\n<script type=\"application\/ld+json\" class=\"yoast-schema-graph\">{\"@context\":\"https:\\\/\\\/schema.org\",\"@graph\":[{\"@type\":\"WebPage\",\"@id\":\"https:\\\/\\\/jeanclaudefaujour.com\\\/index.php\\\/biographie-2\\\/\",\"url\":\"https:\\\/\\\/jeanclaudefaujour.com\\\/index.php\\\/biographie-2\\\/\",\"name\":\"Biographie - Jean-Claude Faujour\",\"isPartOf\":{\"@id\":\"https:\\\/\\\/jeanclaudefaujour.com\\\/#website\"},\"datePublished\":\"2023-03-11T14:41:41+00:00\",\"dateModified\":\"2024-01-13T10:07:13+00:00\",\"breadcrumb\":{\"@id\":\"https:\\\/\\\/jeanclaudefaujour.com\\\/index.php\\\/biographie-2\\\/#breadcrumb\"},\"inLanguage\":\"fr-FR\",\"potentialAction\":[{\"@type\":\"ReadAction\",\"target\":[\"https:\\\/\\\/jeanclaudefaujour.com\\\/index.php\\\/biographie-2\\\/\"]}]},{\"@type\":\"BreadcrumbList\",\"@id\":\"https:\\\/\\\/jeanclaudefaujour.com\\\/index.php\\\/biographie-2\\\/#breadcrumb\",\"itemListElement\":[{\"@type\":\"ListItem\",\"position\":1,\"name\":\"Accueil\",\"item\":\"https:\\\/\\\/jeanclaudefaujour.com\\\/\"},{\"@type\":\"ListItem\",\"position\":2,\"name\":\"Biographie\"}]},{\"@type\":\"WebSite\",\"@id\":\"https:\\\/\\\/jeanclaudefaujour.com\\\/#website\",\"url\":\"https:\\\/\\\/jeanclaudefaujour.com\\\/\",\"name\":\"Jean-Claude Faujour\",\"description\":\"tous droits r\u00e9serv\u00e9s\",\"potentialAction\":[{\"@type\":\"SearchAction\",\"target\":{\"@type\":\"EntryPoint\",\"urlTemplate\":\"https:\\\/\\\/jeanclaudefaujour.com\\\/?s={search_term_string}\"},\"query-input\":{\"@type\":\"PropertyValueSpecification\",\"valueRequired\":true,\"valueName\":\"search_term_string\"}}],\"inLanguage\":\"fr-FR\"}]}<\/script>\n<!-- \/ Yoast SEO plugin. -->","yoast_head_json":{"title":"Biographie - Jean-Claude Faujour","robots":{"index":"noindex","follow":"follow","max-snippet":"max-snippet:-1","max-image-preview":"max-image-preview:large","max-video-preview":"max-video-preview:-1"},"og_locale":"fr_FR","og_type":"article","og_title":"Biographie - Jean-Claude Faujour","og_description":"N\u00e9 \u00e0 Morlaix en 1946 Jean-Claude Faujour a suivi les cours des Beaux-arts \u00e0 Brest avant de devenir professeur d\u2019arts plastiques, jusqu\u2019en 2007, au coll\u00e8ge du Kreisker \u00e0 Saint-Pol-de-L\u00e9on (Finist\u00e8re). D\u00e8s l&rsquo;enfance, son grand-p\u00e8re, lui-m\u00eame peintre, lui donne le go\u00fbt des couleurs. Une passion qu&rsquo;il transmettra, plus tard, \u00e0 ses \u00e9l\u00e8ves.","og_url":"https:\/\/jeanclaudefaujour.com\/index.php\/biographie-2\/","og_site_name":"Jean-Claude Faujour","article_modified_time":"2024-01-13T10:07:13+00:00","twitter_card":"summary_large_image","schema":{"@context":"https:\/\/schema.org","@graph":[{"@type":"WebPage","@id":"https:\/\/jeanclaudefaujour.com\/index.php\/biographie-2\/","url":"https:\/\/jeanclaudefaujour.com\/index.php\/biographie-2\/","name":"Biographie - Jean-Claude Faujour","isPartOf":{"@id":"https:\/\/jeanclaudefaujour.com\/#website"},"datePublished":"2023-03-11T14:41:41+00:00","dateModified":"2024-01-13T10:07:13+00:00","breadcrumb":{"@id":"https:\/\/jeanclaudefaujour.com\/index.php\/biographie-2\/#breadcrumb"},"inLanguage":"fr-FR","potentialAction":[{"@type":"ReadAction","target":["https:\/\/jeanclaudefaujour.com\/index.php\/biographie-2\/"]}]},{"@type":"BreadcrumbList","@id":"https:\/\/jeanclaudefaujour.com\/index.php\/biographie-2\/#breadcrumb","itemListElement":[{"@type":"ListItem","position":1,"name":"Accueil","item":"https:\/\/jeanclaudefaujour.com\/"},{"@type":"ListItem","position":2,"name":"Biographie"}]},{"@type":"WebSite","@id":"https:\/\/jeanclaudefaujour.com\/#website","url":"https:\/\/jeanclaudefaujour.com\/","name":"Jean-Claude Faujour","description":"tous droits r\u00e9serv\u00e9s","potentialAction":[{"@type":"SearchAction","target":{"@type":"EntryPoint","urlTemplate":"https:\/\/jeanclaudefaujour.com\/?s={search_term_string}"},"query-input":{"@type":"PropertyValueSpecification","valueRequired":true,"valueName":"search_term_string"}}],"inLanguage":"fr-FR"}]}},"_links":{"self":[{"href":"https:\/\/jeanclaudefaujour.com\/index.php\/wp-json\/wp\/v2\/pages\/203","targetHints":{"allow":["GET"]}}],"collection":[{"href":"https:\/\/jeanclaudefaujour.com\/index.php\/wp-json\/wp\/v2\/pages"}],"about":[{"href":"https:\/\/jeanclaudefaujour.com\/index.php\/wp-json\/wp\/v2\/types\/page"}],"author":[{"embeddable":true,"href":"https:\/\/jeanclaudefaujour.com\/index.php\/wp-json\/wp\/v2\/users\/1"}],"replies":[{"embeddable":true,"href":"https:\/\/jeanclaudefaujour.com\/index.php\/wp-json\/wp\/v2\/comments?post=203"}],"version-history":[{"count":15,"href":"https:\/\/jeanclaudefaujour.com\/index.php\/wp-json\/wp\/v2\/pages\/203\/revisions"}],"predecessor-version":[{"id":1918,"href":"https:\/\/jeanclaudefaujour.com\/index.php\/wp-json\/wp\/v2\/pages\/203\/revisions\/1918"}],"wp:attachment":[{"href":"https:\/\/jeanclaudefaujour.com\/index.php\/wp-json\/wp\/v2\/media?parent=203"}],"curies":[{"name":"wp","href":"https:\/\/api.w.org\/{rel}","templated":true}]}}