{"id":202,"date":"2023-03-11T15:32:33","date_gmt":"2023-03-11T14:32:33","guid":{"rendered":"http:\/\/jacquesfaujour.com\/?page_id=45"},"modified":"2024-06-08T11:57:15","modified_gmt":"2024-06-08T09:57:15","slug":"accueil","status":"publish","type":"page","link":"https:\/\/jeanclaudefaujour.com\/index.php\/accueil\/","title":{"rendered":"Accueil"},"content":{"rendered":"<p>Jean-Claude Faujour habite un corps de ferme au pied des monts d\u2019Arr\u00e9e depuis des ann\u00e9es. \u00ab Lorsque je me suis install\u00e9 ici, il n\u2019y avait que des paysans autour et je les ai beaucoup regard\u00e9s travailler leurs terres\u2026 \u00c7a m\u2019a inspir\u00e9 pour mon propre travail \u00bb, confie-t-il.<\/p>\n<p>Son atelier est \u00e0 proximit\u00e9 et directement en contact avec la nature. Il se d\u00e9gage de l&rsquo;homme et de ses \u0153uvres une grande force.<br \/>\nSes toiles font le lien entre la terre et la mer.<br \/>\n\u00ab Quand je rentre dans mon atelier, je m&rsquo;assois, je regarde le tableau en cours,<br \/>\nje me mets en situation et j&rsquo;attaque\u2026 Je suis peintre avant tout. J\u2019ai commenc\u00e9 la<br \/>\npeinture \u00e0 14 ans et je ne me souviens pas avoir arr\u00eat\u00e9 depuis ! \u00bb.<\/p>\n","protected":false},"excerpt":{"rendered":"<p>Jean-Claude Faujour habite un corps de ferme au pied des monts d\u2019Arr\u00e9e depuis des ann\u00e9es. \u00ab Lorsque je me suis install\u00e9 ici, il n\u2019y avait que des paysans autour et je les ai beaucoup regard\u00e9s travailler leurs terres\u2026 \u00c7a m\u2019a inspir\u00e9 pour mon propre travail \u00bb, confie-t-il. Son atelier est \u00e0 proximit\u00e9 et directement en &hellip; <\/p>\n<p class=\"link-more\"><a href=\"https:\/\/jeanclaudefaujour.com\/index.php\/accueil\/\" class=\"more-link\">Continuer la lecture<span class=\"screen-reader-text\"> de &laquo;&nbsp;Accueil&nbsp;&raquo;<\/span><\/a><\/p>\n","protected":false},"author":1,"featured_media":23,"parent":0,"menu_order":0,"comment_status":"closed","ping_status":"closed","template":"","meta":{"footnotes":""},"class_list":["post-202","page","type-page","status-publish","has-post-thumbnail","hentry"],"yoast_head":"<!-- This site is optimized with the Yoast SEO plugin v28.3 - https:\/\/yoast.com\/product\/yoast-seo-wordpress\/ -->\n<title>Accueil - Jean-Claude Faujour<\/title>\n<meta name=\"robots\" content=\"noindex, follow, max-snippet:-1, max-image-preview:large, max-video-preview:-1\" \/>\n<meta property=\"og:locale\" content=\"fr_FR\" \/>\n<meta property=\"og:type\" content=\"article\" \/>\n<meta property=\"og:title\" content=\"Accueil - Jean-Claude Faujour\" \/>\n<meta property=\"og:description\" content=\"Jean-Claude Faujour habite un corps de ferme au pied des monts d\u2019Arr\u00e9e depuis des ann\u00e9es. \u00ab Lorsque je me suis install\u00e9 ici, il n\u2019y avait que des paysans autour et je les ai beaucoup regard\u00e9s travailler leurs terres\u2026 \u00c7a m\u2019a inspir\u00e9 pour mon propre travail \u00bb, confie-t-il. Son atelier est \u00e0 proximit\u00e9 et directement en &hellip; Continuer la lecture de &laquo;&nbsp;Accueil&nbsp;&raquo;\" \/>\n<meta property=\"og:url\" content=\"https:\/\/jeanclaudefaujour.com\/index.php\/accueil\/\" \/>\n<meta property=\"og:site_name\" content=\"Jean-Claude Faujour\" \/>\n<meta property=\"article:modified_time\" content=\"2024-06-08T09:57:15+00:00\" \/>\n<meta name=\"twitter:card\" content=\"summary_large_image\" \/>\n<meta name=\"twitter:label1\" content=\"Dur\u00e9e de lecture estim\u00e9e\" \/>\n\t<meta name=\"twitter:data1\" content=\"1 minute\" \/>\n<script type=\"application\/ld+json\" class=\"yoast-schema-graph\">{\"@context\":\"https:\\\/\\\/schema.org\",\"@graph\":[{\"@type\":[\"WebPage\",\"CollectionPage\"],\"@id\":\"https:\\\/\\\/jeanclaudefaujour.com\\\/index.php\\\/accueil\\\/\",\"url\":\"https:\\\/\\\/jeanclaudefaujour.com\\\/index.php\\\/accueil\\\/\",\"name\":\"Accueil - Jean-Claude Faujour\",\"isPartOf\":{\"@id\":\"https:\\\/\\\/jeanclaudefaujour.com\\\/#website\"},\"primaryImageOfPage\":{\"@id\":\"https:\\\/\\\/jeanclaudefaujour.com\\\/index.php\\\/accueil\\\/#primaryimage\"},\"image\":{\"@id\":\"https:\\\/\\\/jeanclaudefaujour.com\\\/index.php\\\/accueil\\\/#primaryimage\"},\"thumbnailUrl\":\"\",\"datePublished\":\"2023-03-11T14:32:33+00:00\",\"dateModified\":\"2024-06-08T09:57:15+00:00\",\"breadcrumb\":{\"@id\":\"https:\\\/\\\/jeanclaudefaujour.com\\\/index.php\\\/accueil\\\/#breadcrumb\"},\"inLanguage\":\"fr-FR\"},{\"@type\":\"ImageObject\",\"inLanguage\":\"fr-FR\",\"@id\":\"https:\\\/\\\/jeanclaudefaujour.com\\\/index.php\\\/accueil\\\/#primaryimage\",\"url\":\"\",\"contentUrl\":\"\"},{\"@type\":\"BreadcrumbList\",\"@id\":\"https:\\\/\\\/jeanclaudefaujour.com\\\/index.php\\\/accueil\\\/#breadcrumb\",\"itemListElement\":[{\"@type\":\"ListItem\",\"position\":1,\"name\":\"Accueil\",\"item\":\"https:\\\/\\\/jeanclaudefaujour.com\\\/\"},{\"@type\":\"ListItem\",\"position\":2,\"name\":\"Accueil\"}]},{\"@type\":\"WebSite\",\"@id\":\"https:\\\/\\\/jeanclaudefaujour.com\\\/#website\",\"url\":\"https:\\\/\\\/jeanclaudefaujour.com\\\/\",\"name\":\"Jean-Claude Faujour\",\"description\":\"tous droits r\u00e9serv\u00e9s\",\"potentialAction\":[{\"@type\":\"SearchAction\",\"target\":{\"@type\":\"EntryPoint\",\"urlTemplate\":\"https:\\\/\\\/jeanclaudefaujour.com\\\/?s={search_term_string}\"},\"query-input\":{\"@type\":\"PropertyValueSpecification\",\"valueRequired\":true,\"valueName\":\"search_term_string\"}}],\"inLanguage\":\"fr-FR\"}]}<\/script>\n<!-- \/ Yoast SEO plugin. -->","yoast_head_json":{"title":"Accueil - Jean-Claude Faujour","robots":{"index":"noindex","follow":"follow","max-snippet":"max-snippet:-1","max-image-preview":"max-image-preview:large","max-video-preview":"max-video-preview:-1"},"og_locale":"fr_FR","og_type":"article","og_title":"Accueil - Jean-Claude Faujour","og_description":"Jean-Claude Faujour habite un corps de ferme au pied des monts d\u2019Arr\u00e9e depuis des ann\u00e9es. \u00ab Lorsque je me suis install\u00e9 ici, il n\u2019y avait que des paysans autour et je les ai beaucoup regard\u00e9s travailler leurs terres\u2026 \u00c7a m\u2019a inspir\u00e9 pour mon propre travail \u00bb, confie-t-il. Son atelier est \u00e0 proximit\u00e9 et directement en &hellip; Continuer la lecture de &laquo;&nbsp;Accueil&nbsp;&raquo;","og_url":"https:\/\/jeanclaudefaujour.com\/index.php\/accueil\/","og_site_name":"Jean-Claude Faujour","article_modified_time":"2024-06-08T09:57:15+00:00","twitter_card":"summary_large_image","twitter_misc":{"Dur\u00e9e de lecture estim\u00e9e":"1 minute"},"schema":{"@context":"https:\/\/schema.org","@graph":[{"@type":["WebPage","CollectionPage"],"@id":"https:\/\/jeanclaudefaujour.com\/index.php\/accueil\/","url":"https:\/\/jeanclaudefaujour.com\/index.php\/accueil\/","name":"Accueil - Jean-Claude Faujour","isPartOf":{"@id":"https:\/\/jeanclaudefaujour.com\/#website"},"primaryImageOfPage":{"@id":"https:\/\/jeanclaudefaujour.com\/index.php\/accueil\/#primaryimage"},"image":{"@id":"https:\/\/jeanclaudefaujour.com\/index.php\/accueil\/#primaryimage"},"thumbnailUrl":"","datePublished":"2023-03-11T14:32:33+00:00","dateModified":"2024-06-08T09:57:15+00:00","breadcrumb":{"@id":"https:\/\/jeanclaudefaujour.com\/index.php\/accueil\/#breadcrumb"},"inLanguage":"fr-FR"},{"@type":"ImageObject","inLanguage":"fr-FR","@id":"https:\/\/jeanclaudefaujour.com\/index.php\/accueil\/#primaryimage","url":"","contentUrl":""},{"@type":"BreadcrumbList","@id":"https:\/\/jeanclaudefaujour.com\/index.php\/accueil\/#breadcrumb","itemListElement":[{"@type":"ListItem","position":1,"name":"Accueil","item":"https:\/\/jeanclaudefaujour.com\/"},{"@type":"ListItem","position":2,"name":"Accueil"}]},{"@type":"WebSite","@id":"https:\/\/jeanclaudefaujour.com\/#website","url":"https:\/\/jeanclaudefaujour.com\/","name":"Jean-Claude Faujour","description":"tous droits r\u00e9serv\u00e9s","potentialAction":[{"@type":"SearchAction","target":{"@type":"EntryPoint","urlTemplate":"https:\/\/jeanclaudefaujour.com\/?s={search_term_string}"},"query-input":{"@type":"PropertyValueSpecification","valueRequired":true,"valueName":"search_term_string"}}],"inLanguage":"fr-FR"}]}},"_links":{"self":[{"href":"https:\/\/jeanclaudefaujour.com\/index.php\/wp-json\/wp\/v2\/pages\/202","targetHints":{"allow":["GET"]}}],"collection":[{"href":"https:\/\/jeanclaudefaujour.com\/index.php\/wp-json\/wp\/v2\/pages"}],"about":[{"href":"https:\/\/jeanclaudefaujour.com\/index.php\/wp-json\/wp\/v2\/types\/page"}],"author":[{"embeddable":true,"href":"https:\/\/jeanclaudefaujour.com\/index.php\/wp-json\/wp\/v2\/users\/1"}],"replies":[{"embeddable":true,"href":"https:\/\/jeanclaudefaujour.com\/index.php\/wp-json\/wp\/v2\/comments?post=202"}],"version-history":[{"count":4,"href":"https:\/\/jeanclaudefaujour.com\/index.php\/wp-json\/wp\/v2\/pages\/202\/revisions"}],"predecessor-version":[{"id":880,"href":"https:\/\/jeanclaudefaujour.com\/index.php\/wp-json\/wp\/v2\/pages\/202\/revisions\/880"}],"wp:attachment":[{"href":"https:\/\/jeanclaudefaujour.com\/index.php\/wp-json\/wp\/v2\/media?parent=202"}],"curies":[{"name":"wp","href":"https:\/\/api.w.org\/{rel}","templated":true}]}}